{"version":"1.0","provider_name":"Toutes Nos \u00c9nergies \u2013 Occitanie Environnement ","provider_url":"https:\/\/toutesnosenergies.fr","author_name":"WM81","author_url":"https:\/\/toutesnosenergies.fr\/index.php\/author\/wm81\/","title":"28 octobre : d\u00e9fendre les Monts d\u2019Ard\u00e8che - Toutes Nos \u00c9nergies \u2013 Occitanie Environnement","type":"rich","width":600,"height":338,"html":"<blockquote class=\"wp-embedded-content\" data-secret=\"f2W03psqEn\"><a href=\"https:\/\/toutesnosenergies.fr\/index.php\/2018\/10\/16\/28-octobre-defendre-les-monts-dardeche\/\">28 octobre : d\u00e9fendre les Monts d\u2019Ard\u00e8che<\/a><\/blockquote><iframe sandbox=\"allow-scripts\" security=\"restricted\" src=\"https:\/\/toutesnosenergies.fr\/index.php\/2018\/10\/16\/28-octobre-defendre-les-monts-dardeche\/embed\/#?secret=f2W03psqEn\" width=\"600\" height=\"338\" title=\"\u00ab\u00a028 octobre : d\u00e9fendre les Monts d\u2019Ard\u00e8che\u00a0\u00bb &#8212; Toutes Nos \u00c9nergies \u2013 Occitanie Environnement \" data-secret=\"f2W03psqEn\" frameborder=\"0\" marginwidth=\"0\" marginheight=\"0\" scrolling=\"no\" class=\"wp-embedded-content\"><\/iframe><script>\n\/*! This file is auto-generated *\/\n!function(d,l){\"use strict\";l.querySelector&&d.addEventListener&&\"undefined\"!=typeof URL&&(d.wp=d.wp||{},d.wp.receiveEmbedMessage||(d.wp.receiveEmbedMessage=function(e){var t=e.data;if((t||t.secret||t.message||t.value)&&!\/[^a-zA-Z0-9]\/.test(t.secret)){for(var s,r,n,a=l.querySelectorAll('iframe[data-secret=\"'+t.secret+'\"]'),o=l.querySelectorAll('blockquote[data-secret=\"'+t.secret+'\"]'),c=new RegExp(\"^https?:$\",\"i\"),i=0;i<o.length;i++)o[i].style.display=\"none\";for(i=0;i<a.length;i++)s=a[i],e.source===s.contentWindow&&(s.removeAttribute(\"style\"),\"height\"===t.message?(1e3<(r=parseInt(t.value,10))?r=1e3:~~r<200&&(r=200),s.height=r):\"link\"===t.message&&(r=new URL(s.getAttribute(\"src\")),n=new URL(t.value),c.test(n.protocol))&&n.host===r.host&&l.activeElement===s&&(d.top.location.href=t.value))}},d.addEventListener(\"message\",d.wp.receiveEmbedMessage,!1),l.addEventListener(\"DOMContentLoaded\",function(){for(var e,t,s=l.querySelectorAll(\"iframe.wp-embedded-content\"),r=0;r<s.length;r++)(t=(e=s[r]).getAttribute(\"data-secret\"))||(t=Math.random().toString(36).substring(2,12),e.src+=\"#?secret=\"+t,e.setAttribute(\"data-secret\",t)),e.contentWindow.postMessage({message:\"ready\",secret:t},\"*\")},!1)))}(window,document);\n\/\/# sourceURL=https:\/\/toutesnosenergies.fr\/wp-includes\/js\/wp-embed.min.js\n<\/script>\n","description":"Information \u00e0 faire circuler dans vos r\u00e9seaux Bonjour, La f\u00e9d\u00e9ration ard\u00e9choise EOLE 07, les associations membres et d&rsquo;autres structures amies sont \u00e0 l&rsquo;initiative de la journ\u00e9e annonc\u00e9e ici en pi\u00e8ce Meyrand 28 Octobre Cette journ\u00e9e sera un moment important du combat que nous tous menons, pour certains depuis plus de dix ans, pour la pr\u00e9servation ... Lire plus"}