{"version":"1.0","provider_name":"Toutes Nos \u00c9nergies \u2013 Occitanie Environnement ","provider_url":"https:\/\/toutesnosenergies.fr","author_name":"WM81","author_url":"https:\/\/toutesnosenergies.fr\/index.php\/author\/wm81\/","title":"Un projet d'\u00e9oliennes rejet\u00e9, \u00e0 Fontrieu (Tarn) - Toutes Nos \u00c9nergies \u2013 Occitanie Environnement","type":"rich","width":600,"height":338,"html":"<blockquote class=\"wp-embedded-content\" data-secret=\"Xf2cgwsH1b\"><a href=\"https:\/\/toutesnosenergies.fr\/index.php\/2020\/05\/23\/un-projet-deoliennes-rejete-a-fontrieu-tarn\/\">Un projet d&rsquo;\u00e9oliennes rejet\u00e9, \u00e0 Fontrieu (Tarn)<\/a><\/blockquote><iframe sandbox=\"allow-scripts\" security=\"restricted\" src=\"https:\/\/toutesnosenergies.fr\/index.php\/2020\/05\/23\/un-projet-deoliennes-rejete-a-fontrieu-tarn\/embed\/#?secret=Xf2cgwsH1b\" width=\"600\" height=\"338\" title=\"\u00ab\u00a0Un projet d&rsquo;\u00e9oliennes rejet\u00e9, \u00e0 Fontrieu (Tarn)\u00a0\u00bb &#8212; Toutes Nos \u00c9nergies \u2013 Occitanie Environnement \" data-secret=\"Xf2cgwsH1b\" frameborder=\"0\" marginwidth=\"0\" marginheight=\"0\" scrolling=\"no\" class=\"wp-embedded-content\"><\/iframe><script>\n\/*! This file is auto-generated *\/\n!function(d,l){\"use strict\";l.querySelector&&d.addEventListener&&\"undefined\"!=typeof URL&&(d.wp=d.wp||{},d.wp.receiveEmbedMessage||(d.wp.receiveEmbedMessage=function(e){var t=e.data;if((t||t.secret||t.message||t.value)&&!\/[^a-zA-Z0-9]\/.test(t.secret)){for(var s,r,n,a=l.querySelectorAll('iframe[data-secret=\"'+t.secret+'\"]'),o=l.querySelectorAll('blockquote[data-secret=\"'+t.secret+'\"]'),c=new RegExp(\"^https?:$\",\"i\"),i=0;i<o.length;i++)o[i].style.display=\"none\";for(i=0;i<a.length;i++)s=a[i],e.source===s.contentWindow&&(s.removeAttribute(\"style\"),\"height\"===t.message?(1e3<(r=parseInt(t.value,10))?r=1e3:~~r<200&&(r=200),s.height=r):\"link\"===t.message&&(r=new URL(s.getAttribute(\"src\")),n=new URL(t.value),c.test(n.protocol))&&n.host===r.host&&l.activeElement===s&&(d.top.location.href=t.value))}},d.addEventListener(\"message\",d.wp.receiveEmbedMessage,!1),l.addEventListener(\"DOMContentLoaded\",function(){for(var e,t,s=l.querySelectorAll(\"iframe.wp-embedded-content\"),r=0;r<s.length;r++)(t=(e=s[r]).getAttribute(\"data-secret\"))||(t=Math.random().toString(36).substring(2,12),e.src+=\"#?secret=\"+t,e.setAttribute(\"data-secret\",t)),e.contentWindow.postMessage({message:\"ready\",secret:t},\"*\")},!1)))}(window,document);\n\/\/# sourceURL=https:\/\/toutesnosenergies.fr\/wp-includes\/js\/wp-embed.min.js\n<\/script>\n","description":"Gr\u00e2ce aux oiseaux et chauves souris tu\u00e9s par les \u00e9oliennes existantes et gr\u00e2ce \u00e0 l&rsquo;arm\u00e9e de l&rsquo;air, le projet \u00e9olien de Fontrieu a \u00e9t\u00e9 rejet\u00e9 !\u00a0http:\/\/www.tarn.gouv.fr\/arrete-portant-rejet-d-une-demande-d-exploiter-un-a8486.html &#8230; une bonne nouvelle dont on avait bien besoin ! Emmanuel Forichon, secr\u00e9taire de Calelh (Association pour la qualit\u00e9 de vie et de l\u2019environnement en Haut-Languedoc), administrateur de FNE-MP ... Lire plus","thumbnail_url":"https:\/\/toutesnosenergies.fr\/wp-content\/uploads\/2020\/05\/Unknown-2.jpeg"}