{"version":"1.0","provider_name":"Toutes Nos \u00c9nergies \u2013 Occitanie Environnement ","provider_url":"https:\/\/toutesnosenergies.fr","author_name":"WM81","author_url":"https:\/\/toutesnosenergies.fr\/index.php\/author\/wm81\/","title":"Contre les \u00e9oliennes dans le Vallespir : suites d'une r\u00e9union publique - Toutes Nos \u00c9nergies \u2013 Occitanie Environnement","type":"rich","width":600,"height":338,"html":"<blockquote class=\"wp-embedded-content\" data-secret=\"5rP22Xqre7\"><a href=\"https:\/\/toutesnosenergies.fr\/index.php\/2020\/09\/27\/suite-dune-reunion\/\">Contre les \u00e9oliennes dans le Vallespir : suites d&rsquo;une r\u00e9union publique<\/a><\/blockquote><iframe sandbox=\"allow-scripts\" security=\"restricted\" src=\"https:\/\/toutesnosenergies.fr\/index.php\/2020\/09\/27\/suite-dune-reunion\/embed\/#?secret=5rP22Xqre7\" width=\"600\" height=\"338\" title=\"\u00ab\u00a0Contre les \u00e9oliennes dans le Vallespir : suites d&rsquo;une r\u00e9union publique\u00a0\u00bb &#8212; Toutes Nos \u00c9nergies \u2013 Occitanie Environnement \" data-secret=\"5rP22Xqre7\" frameborder=\"0\" marginwidth=\"0\" marginheight=\"0\" scrolling=\"no\" class=\"wp-embedded-content\"><\/iframe><script>\n\/*! This file is auto-generated *\/\n!function(d,l){\"use strict\";l.querySelector&&d.addEventListener&&\"undefined\"!=typeof URL&&(d.wp=d.wp||{},d.wp.receiveEmbedMessage||(d.wp.receiveEmbedMessage=function(e){var t=e.data;if((t||t.secret||t.message||t.value)&&!\/[^a-zA-Z0-9]\/.test(t.secret)){for(var s,r,n,a=l.querySelectorAll('iframe[data-secret=\"'+t.secret+'\"]'),o=l.querySelectorAll('blockquote[data-secret=\"'+t.secret+'\"]'),c=new RegExp(\"^https?:$\",\"i\"),i=0;i<o.length;i++)o[i].style.display=\"none\";for(i=0;i<a.length;i++)s=a[i],e.source===s.contentWindow&&(s.removeAttribute(\"style\"),\"height\"===t.message?(1e3<(r=parseInt(t.value,10))?r=1e3:~~r<200&&(r=200),s.height=r):\"link\"===t.message&&(r=new URL(s.getAttribute(\"src\")),n=new URL(t.value),c.test(n.protocol))&&n.host===r.host&&l.activeElement===s&&(d.top.location.href=t.value))}},d.addEventListener(\"message\",d.wp.receiveEmbedMessage,!1),l.addEventListener(\"DOMContentLoaded\",function(){for(var e,t,s=l.querySelectorAll(\"iframe.wp-embedded-content\"),r=0;r<s.length;r++)(t=(e=s[r]).getAttribute(\"data-secret\"))||(t=Math.random().toString(36).substring(2,12),e.src+=\"#?secret=\"+t,e.setAttribute(\"data-secret\",t)),e.contentWindow.postMessage({message:\"ready\",secret:t},\"*\")},!1)))}(window,document);\n\/\/# sourceURL=https:\/\/toutesnosenergies.fr\/wp-includes\/js\/wp-embed.min.js\n<\/script>\n","description":"St\u00e9phanie Keller nous avait alert\u00e9s sur la tenue de la 1\u00e8re journ\u00e9e des \u00ab\u00a0transitions \u00e9cologiques en Vallespir\u00a0\u00bb consacr\u00e9e ce 23\/9 \u00e0 l&rsquo;expos\u00e9-d\u00e9bat sur les \u00e9nergies renouvelables (EnR) avec un point d&rsquo;orgue pr\u00e9sent\u00e9 et anim\u00e9 par Bertrand Rodriguez g\u00e9rant de CatEnR, (coop\u00e9rative d\u2019\u00e9nergies participatives qui am\u00e9nage et finance la transition&nbsp;\u00e9nerg\u00e9tique dans les Pyr\u00e9n\u00e9es-Orientales). Elle invitait \u00e0 ... Lire plus"}