{"version":"1.0","provider_name":"Toutes Nos \u00c9nergies \u2013 Occitanie Environnement ","provider_url":"https:\/\/toutesnosenergies.fr","author_name":"WM81","author_url":"https:\/\/toutesnosenergies.fr\/index.php\/author\/wm81\/","title":"Zonage \u00e9olien : les pr\u00e9fets \u00e0 la manoeuvre ! - Toutes Nos \u00c9nergies \u2013 Occitanie Environnement","type":"rich","width":600,"height":338,"html":"<blockquote class=\"wp-embedded-content\" data-secret=\"sQIOXhDHf8\"><a href=\"https:\/\/toutesnosenergies.fr\/index.php\/2021\/10\/23\/zonage-eolien-les-prefets-a-la-manoeuvre\/\">Zonage \u00e9olien : les pr\u00e9fets \u00e0 la manoeuvre !<\/a><\/blockquote><iframe sandbox=\"allow-scripts\" security=\"restricted\" src=\"https:\/\/toutesnosenergies.fr\/index.php\/2021\/10\/23\/zonage-eolien-les-prefets-a-la-manoeuvre\/embed\/#?secret=sQIOXhDHf8\" width=\"600\" height=\"338\" title=\"\u00ab\u00a0Zonage \u00e9olien : les pr\u00e9fets \u00e0 la manoeuvre !\u00a0\u00bb &#8212; Toutes Nos \u00c9nergies \u2013 Occitanie Environnement \" data-secret=\"sQIOXhDHf8\" frameborder=\"0\" marginwidth=\"0\" marginheight=\"0\" scrolling=\"no\" class=\"wp-embedded-content\"><\/iframe><script>\n\/*! This file is auto-generated *\/\n!function(d,l){\"use strict\";l.querySelector&&d.addEventListener&&\"undefined\"!=typeof URL&&(d.wp=d.wp||{},d.wp.receiveEmbedMessage||(d.wp.receiveEmbedMessage=function(e){var t=e.data;if((t||t.secret||t.message||t.value)&&!\/[^a-zA-Z0-9]\/.test(t.secret)){for(var s,r,n,a=l.querySelectorAll('iframe[data-secret=\"'+t.secret+'\"]'),o=l.querySelectorAll('blockquote[data-secret=\"'+t.secret+'\"]'),c=new RegExp(\"^https?:$\",\"i\"),i=0;i<o.length;i++)o[i].style.display=\"none\";for(i=0;i<a.length;i++)s=a[i],e.source===s.contentWindow&&(s.removeAttribute(\"style\"),\"height\"===t.message?(1e3<(r=parseInt(t.value,10))?r=1e3:~~r<200&&(r=200),s.height=r):\"link\"===t.message&&(r=new URL(s.getAttribute(\"src\")),n=new URL(t.value),c.test(n.protocol))&&n.host===r.host&&l.activeElement===s&&(d.top.location.href=t.value))}},d.addEventListener(\"message\",d.wp.receiveEmbedMessage,!1),l.addEventListener(\"DOMContentLoaded\",function(){for(var e,t,s=l.querySelectorAll(\"iframe.wp-embedded-content\"),r=0;r<s.length;r++)(t=(e=s[r]).getAttribute(\"data-secret\"))||(t=Math.random().toString(36).substring(2,12),e.src+=\"#?secret=\"+t,e.setAttribute(\"data-secret\",t)),e.contentWindow.postMessage({message:\"ready\",secret:t},\"*\")},!1)))}(window,document);\n\/\/# sourceURL=https:\/\/toutesnosenergies.fr\/wp-includes\/js\/wp-embed.min.js\n<\/script>\n","description":"Le gouvernement est face \u00e0 un probl\u00e8me difficile : il veut multiplier par 2 ou 3 le nombre de centrales \u00e9oliennes pour remplir les objectifs de d\u00e9carbonation de la production d\u2019\u00e9lectricit\u00e9, mais la mont\u00e9e des oppositions \u00e0 l\u2019\u00e9olien lui fait craindre quelques revers \u00e9lectoraux\u2026 Madame Pompili, ministre de l\u2019environnement, caution \u00e9colo d\u2019un gouvernement qui ne ... Lire plus"}