{"version":"1.0","provider_name":"Toutes Nos \u00c9nergies \u2013 Occitanie Environnement ","provider_url":"https:\/\/toutesnosenergies.fr","author_name":"WM81","author_url":"https:\/\/toutesnosenergies.fr\/index.php\/author\/wm81\/","title":"13 ao\u00fbt \u00e0 Cajarc : Grande Marche \u2013 Journ\u00e9e d\u2019action pour le Vivant - Toutes Nos \u00c9nergies \u2013 Occitanie Environnement","type":"rich","width":600,"height":338,"html":"<blockquote class=\"wp-embedded-content\" data-secret=\"YmcZQiaQYS\"><a href=\"https:\/\/toutesnosenergies.fr\/index.php\/2023\/08\/09\/grande-marche-journee-daction-pour-le-vivant\/\">13 ao\u00fbt \u00e0 Cajarc : Grande Marche \u2013 Journ\u00e9e d\u2019action pour le Vivant<\/a><\/blockquote><iframe sandbox=\"allow-scripts\" security=\"restricted\" src=\"https:\/\/toutesnosenergies.fr\/index.php\/2023\/08\/09\/grande-marche-journee-daction-pour-le-vivant\/embed\/#?secret=YmcZQiaQYS\" width=\"600\" height=\"338\" title=\"\u00ab\u00a013 ao\u00fbt \u00e0 Cajarc : Grande Marche \u2013 Journ\u00e9e d\u2019action pour le Vivant\u00a0\u00bb &#8212; Toutes Nos \u00c9nergies \u2013 Occitanie Environnement \" data-secret=\"YmcZQiaQYS\" frameborder=\"0\" marginwidth=\"0\" marginheight=\"0\" scrolling=\"no\" class=\"wp-embedded-content\"><\/iframe><script>\n\/*! This file is auto-generated *\/\n!function(d,l){\"use strict\";l.querySelector&&d.addEventListener&&\"undefined\"!=typeof URL&&(d.wp=d.wp||{},d.wp.receiveEmbedMessage||(d.wp.receiveEmbedMessage=function(e){var t=e.data;if((t||t.secret||t.message||t.value)&&!\/[^a-zA-Z0-9]\/.test(t.secret)){for(var s,r,n,a=l.querySelectorAll('iframe[data-secret=\"'+t.secret+'\"]'),o=l.querySelectorAll('blockquote[data-secret=\"'+t.secret+'\"]'),c=new RegExp(\"^https?:$\",\"i\"),i=0;i<o.length;i++)o[i].style.display=\"none\";for(i=0;i<a.length;i++)s=a[i],e.source===s.contentWindow&&(s.removeAttribute(\"style\"),\"height\"===t.message?(1e3<(r=parseInt(t.value,10))?r=1e3:~~r<200&&(r=200),s.height=r):\"link\"===t.message&&(r=new URL(s.getAttribute(\"src\")),n=new URL(t.value),c.test(n.protocol))&&n.host===r.host&&l.activeElement===s&&(d.top.location.href=t.value))}},d.addEventListener(\"message\",d.wp.receiveEmbedMessage,!1),l.addEventListener(\"DOMContentLoaded\",function(){for(var e,t,s=l.querySelectorAll(\"iframe.wp-embedded-content\"),r=0;r<s.length;r++)(t=(e=s[r]).getAttribute(\"data-secret\"))||(t=Math.random().toString(36).substring(2,12),e.src+=\"#?secret=\"+t,e.setAttribute(\"data-secret\",t)),e.contentWindow.postMessage({message:\"ready\",secret:t},\"*\")},!1)))}(window,document);\n\/\/# sourceURL=https:\/\/toutesnosenergies.fr\/wp-includes\/js\/wp-embed.min.js\n<\/script>\n","description":"L&rsquo;Association Environnementale Lot-C\u00e9l\u00e9 (AELC) &nbsp;s&rsquo;oppose \u00e0 la cr\u00e9ation d&rsquo;une m\u00e9ga-centrale solaire dans le Parc Naturel R\u00e9gional des Causses du Quercy. Cr\u00e9\u00e9e le 26 d\u00e9cembre 2022 par un collectif de citoyen\u00b7ne\u00b7s qui s\u2019engagent pour pr\u00e9server les \u00e9cosyst\u00e8mes du parc naturel r\u00e9gional elle s\u2019oppose notamment aux projets de m\u00e9ga-centrales photovolta\u00efques au sol dans le p\u00e9rim\u00e8tre du parc. ... Lire plus","thumbnail_url":"https:\/\/solairelot.fr\/wp-content\/uploads\/2023\/08\/parcours-marche-du-13-A-copie-1.jpg"}