{"version":"1.0","provider_name":"Toutes Nos \u00c9nergies \u2013 Occitanie Environnement ","provider_url":"https:\/\/toutesnosenergies.fr","author_name":"WM81","author_url":"https:\/\/toutesnosenergies.fr\/index.php\/author\/wm81\/","title":"LA F\u00caTE DES ARBRES, \u00a0le 11 mai 2024 - Toutes Nos \u00c9nergies \u2013 Occitanie Environnement","type":"rich","width":600,"height":338,"html":"<blockquote class=\"wp-embedded-content\" data-secret=\"LTeRIwR4it\"><a href=\"https:\/\/toutesnosenergies.fr\/index.php\/2024\/04\/30\/la-fete-des-arbres-le-11-mai-2024\/\">LA F\u00caTE DES ARBRES, \u00a0le 11 mai 2024<\/a><\/blockquote><iframe sandbox=\"allow-scripts\" security=\"restricted\" src=\"https:\/\/toutesnosenergies.fr\/index.php\/2024\/04\/30\/la-fete-des-arbres-le-11-mai-2024\/embed\/#?secret=LTeRIwR4it\" width=\"600\" height=\"338\" title=\"\u00ab\u00a0LA F\u00caTE DES ARBRES, \u00a0le 11 mai 2024\u00a0\u00bb &#8212; Toutes Nos \u00c9nergies \u2013 Occitanie Environnement \" data-secret=\"LTeRIwR4it\" frameborder=\"0\" marginwidth=\"0\" marginheight=\"0\" scrolling=\"no\" class=\"wp-embedded-content\"><\/iframe><script>\n\/*! This file is auto-generated *\/\n!function(d,l){\"use strict\";l.querySelector&&d.addEventListener&&\"undefined\"!=typeof URL&&(d.wp=d.wp||{},d.wp.receiveEmbedMessage||(d.wp.receiveEmbedMessage=function(e){var t=e.data;if((t||t.secret||t.message||t.value)&&!\/[^a-zA-Z0-9]\/.test(t.secret)){for(var s,r,n,a=l.querySelectorAll('iframe[data-secret=\"'+t.secret+'\"]'),o=l.querySelectorAll('blockquote[data-secret=\"'+t.secret+'\"]'),c=new RegExp(\"^https?:$\",\"i\"),i=0;i<o.length;i++)o[i].style.display=\"none\";for(i=0;i<a.length;i++)s=a[i],e.source===s.contentWindow&&(s.removeAttribute(\"style\"),\"height\"===t.message?(1e3<(r=parseInt(t.value,10))?r=1e3:~~r<200&&(r=200),s.height=r):\"link\"===t.message&&(r=new URL(s.getAttribute(\"src\")),n=new URL(t.value),c.test(n.protocol))&&n.host===r.host&&l.activeElement===s&&(d.top.location.href=t.value))}},d.addEventListener(\"message\",d.wp.receiveEmbedMessage,!1),l.addEventListener(\"DOMContentLoaded\",function(){for(var e,t,s=l.querySelectorAll(\"iframe.wp-embedded-content\"),r=0;r<s.length;r++)(t=(e=s[r]).getAttribute(\"data-secret\"))||(t=Math.random().toString(36).substring(2,12),e.src+=\"#?secret=\"+t,e.setAttribute(\"data-secret\",t)),e.contentWindow.postMessage({message:\"ready\",secret:t},\"*\")},!1)))}(window,document);\n\/\/# sourceURL=https:\/\/toutesnosenergies.fr\/wp-includes\/js\/wp-embed.min.js\n<\/script>\n","description":"Contre les projets d&rsquo;usines solaires sur le Causse de Tour-de-Faure (46) L&rsquo;AELC (association environnementale Lot-C\u00e9l\u00e9) est pour la transition \u00e9nerg\u00e9tique, pour le photovolta\u00efque en toiture ou sur des espaces d\u00e9j\u00e0 artificialis\u00e9s, pour des parcs citoyens \u00e0 dimension humaine. Pour le vivant, pour la biodiversit\u00e9, pourles arbres\u2026 Tribune pour la sauvegarde du Vivant : Lanc\u00e9e au ... Lire plus","thumbnail_url":"https:\/\/toutesnosenergies.fr\/wp-content\/uploads\/2024\/04\/AELC-1024x701.png"}