{"id":1294,"date":"2018-04-19T19:13:56","date_gmt":"2018-04-19T17:13:56","guid":{"rendered":"http:\/\/toutesnosenergies.fr\/?page_id=1294"},"modified":"2019-03-20T13:30:03","modified_gmt":"2019-03-20T12:30:03","slug":"mazamet-81","status":"publish","type":"page","link":"https:\/\/toutesnosenergies.fr\/index.php\/mazamet-81\/","title":{"rendered":"MAZAMET 30 MAI 2018"},"content":{"rendered":"<h2><\/h2>\n<h2><strong>\u00c9valuation de la port\u00e9e et des r\u00e9sultats de l\u2019\u00e9v\u00e8nement<\/strong><\/h2>\n<ul>\n<li><strong>120 personnes ont particip\u00e9 aux ateliers et 350 personnes environ ont assist\u00e9 \u00e0 la s\u00e9ance pl\u00e9ni\u00e8re <\/strong>: citoyens ordinaires &#8211; membres d\u2019associations locales ou r\u00e9gionales, agriculteurs, responsables d\u2019entreprise, retrait\u00e9s &#8211; mais \u00e9galement des \u00e9lus locaux, d\u00e9partementaux et r\u00e9gionaux.\u00a0<a href=\"http:\/\/toutesnosenergies.fr\/wp-content\/uploads\/2019\/01\/Mazamet-30-mai-IMG_4733.jpg\"><img loading=\"lazy\" decoding=\"async\" class=\"alignleft wp-image-1949\" src=\"http:\/\/toutesnosenergies.fr\/wp-content\/uploads\/2019\/01\/Mazamet-30-mai-IMG_4733-300x224.jpg\" alt=\"\" width=\"264\" height=\"197\" srcset=\"https:\/\/toutesnosenergies.fr\/wp-content\/uploads\/2019\/01\/Mazamet-30-mai-IMG_4733-300x224.jpg 300w, https:\/\/toutesnosenergies.fr\/wp-content\/uploads\/2019\/01\/Mazamet-30-mai-IMG_4733-768x574.jpg 768w, https:\/\/toutesnosenergies.fr\/wp-content\/uploads\/2019\/01\/Mazamet-30-mai-IMG_4733-1024x765.jpg 1024w, https:\/\/toutesnosenergies.fr\/wp-content\/uploads\/2019\/01\/Mazamet-30-mai-IMG_4733-1320x986.jpg 1320w\" sizes=\"auto, (max-width: 264px) 100vw, 264px\" \/><\/a><\/li>\n<\/ul>\n<p style=\"text-align: center;\"><a href=\"http:\/\/toutesnosenergies.fr\/wp-content\/uploads\/2019\/01\/cr_mazamet_30mai.pdf\"><strong>Voir le compte-rendu complet et officiel.<\/strong><\/a><\/p>\n<ul>\n<li>Le travail en ateliers th\u00e9matiques a permis d\u2019\u00e9changer et de construire des arguments nombreux et compl\u00e9mentaires, gr\u00e2ce \u00e0 la grande diversit\u00e9 des exp\u00e9riences et des comp\u00e9tences des participants.Un grand nombre des participants a pu s\u2019informer sur les enjeux de la PPE, tant les 120 participants aux ateliers que les pr\u00e8s de 350 personnes r\u00e9unies en d\u00e9bat public gr\u00e2ce \u00e0 la restitution des travaux des ateliers et aux diverses contributions orales ou \u00e9crites.A l\u2019issue de cet \u00e9v\u00e9nement, un des rares d\u00e9bats publics men\u00e9s par la soci\u00e9t\u00e9 civile, les participants\n<ul>\n<li>ont mieux per\u00e7u la diversit\u00e9 des r\u00e9ponses possibles en mati\u00e8re de transition \u00e9nerg\u00e9tique, qui vont bien au-del\u00e0 du seul d\u00e9veloppement des \u00e9nergies renouvelables, transition qui doit \u00eatre environnementale et sociale autant qu\u2019\u00e9nerg\u00e9tique ;<\/li>\n<li>ont mesur\u00e9 l\u2019importance du volet \u00e9conomie d\u2019\u00e9nergie et efficacit\u00e9 \u00e9nerg\u00e9tique dont ils pensent pouvoir \u00eatre acteurs pour peu qu\u2019ils trouvent un soutien et des accompagnements appropri\u00e9s de la part de l\u2019autorit\u00e9 publique ;<\/li>\n<li>ont pris conscience de la complexit\u00e9 des questions li\u00e9es \u00e0 la transition \u00e9nerg\u00e9tique et en particulier les effets de cette transition sur leurs conditions de vie et sur leur environnement ;<\/li>\n<li>ont \u00e9t\u00e9 sensibilis\u00e9s aux enjeux \u00e9conomiques de la PPE, en souhaitant que les territoires puissent en \u00eatre directement b\u00e9n\u00e9ficiaires. \u2028Enfin, de nombreux participants qui, dans leurs secteurs, ont subi les effets d\u2019une implantation d\u2019\u00e9oliennes massive et impos\u00e9e, ont compris qu\u2019il existe des alternatives plus respectueuses de la vie des territoires et des riverains, et qu\u2019ils peuvent \u0153uvrer localement pour leur r\u00e9alisation.<\/li>\n<\/ul>\n<\/li>\n<\/ul>\n<hr \/>\n<h2><strong>La pr\u00e9paration de cette initiative<\/strong><\/h2>\n<p>La Commission Nationale du D\u00e9bat Public (CNDP) organise un grand d\u00e9bat public autour de la Programmation Pluriannuelle de l\u2019\u00c9nergie (PPE). Saisissons nous de cette occasion pour faire entendre notre voix\u00a0!<\/p>\n<p>Le collectif TNE-OE s\u2019est r\u00e9uni le 7 avril \u00e0 Clermont l\u2019H\u00e9rault\u00a0: il propose une initiative forte qui permettra de montrer notre force et notre capacit\u00e9 de r\u00e9flexion et de dialogue.<\/p>\n<p>Elle aura lieu au Palais des Congr\u00e8s de Mazamet le 30 mai et sera divis\u00e9e en deux parties\u00a0:<\/p>\n<ul>\n<li>un moment de r\u00e9flexions et d\u2019approfondissement, de 15.00 \u00e0 19\u00a0.00 ; quatre ateliers aborderont les liens entre \u00e9nergie, soci\u00e9t\u00e9, d\u00e9mocratie, justice, territoire, \u00e9cosyst\u00e8mes\u2026 un certain nombre de personnes qualifi\u00e9es viendront partager leurs comp\u00e9tences avec les associations et leurs adh\u00e9rents.<\/li>\n<li>un moment de d\u00e9bat public, dans la grande salle du Palais des Congr\u00e8s \u2013 qui peut accueillir 1000 personnes, nous d\u00e9battrons avec la salle de nos propositions. Ce sera l\u2019occasion de montrer notre force en mobilisant largement autour de nous\u00a0!<\/li>\n<\/ul>\n<p>Dans ces moments de discussion, toutes les positions seront \u00e9cout\u00e9es et le compte-rendu adress\u00e9 \u00e0 la CNDP reprendra toutes les propositions quelles qu&rsquo;elles soient. Nous ne craignons pas de confronter nos propositions \u00e0 toutes celles et tous ceux qui veulent d\u00e9battre avec nous.<\/p>\n<p>Pour renforcer le poids de notre combat il est vital que nous soyons le plus nombreux possible le mercredi 30 mai \u00e0 Mazamet. Ceux qui pensent que la lutte se limite \u00e0 leur jardin ou \u00e0 leur canton seront les dindons de la farce\u00a0!<\/p>\n<p style=\"text-align: center;\"><strong>Le 30 mai \u00e0 Mazamet nous dirons \u00e0 l\u2019Etat et<br \/>\n\u00e0 la R\u00e9gion (qui\u00a0 veut les multiplier par 5\u00a0!) :<br \/>\n<\/strong><strong>PAS UNE \u00c9OLIENNE DE PLUS EN OCCITANIE OU AILLEURS<\/strong><\/p>\n<p><a href=\"http:\/\/toutesnosenergies.fr\/wp-content\/uploads\/2018\/04\/Tract-Mazamet-image.jpg\"><img loading=\"lazy\" decoding=\"async\" class=\"alignleft size-medium wp-image-1348\" src=\"http:\/\/toutesnosenergies.fr\/wp-content\/uploads\/2018\/04\/Tract-Mazamet-image-212x300.jpg\" alt=\"\" width=\"212\" height=\"300\" srcset=\"https:\/\/toutesnosenergies.fr\/wp-content\/uploads\/2018\/04\/Tract-Mazamet-image-212x300.jpg 212w, https:\/\/toutesnosenergies.fr\/wp-content\/uploads\/2018\/04\/Tract-Mazamet-image-768x1086.jpg 768w, https:\/\/toutesnosenergies.fr\/wp-content\/uploads\/2018\/04\/Tract-Mazamet-image-724x1024.jpg 724w, https:\/\/toutesnosenergies.fr\/wp-content\/uploads\/2018\/04\/Tract-Mazamet-image.jpg 1240w\" sizes=\"auto, (max-width: 212px) 100vw, 212px\" \/><\/a><\/p>\n<p>&nbsp;<\/p>\n<p>Sur le site, vous trouverez rapidement des informations plus pr\u00e9cises concernant<br \/>\n&#8211; Le cadre du d\u00e9bat propos\u00e9 par la <a href=\"http:\/\/toutesnosenergies.fr\/index.php\/la-cndp-la-ppe-et-le-debat-public\/\">CNDP sur la PPE<\/a> (programmation pluriannuelle de l&rsquo;\u00e9nergie).<br \/>\n&#8211; Nos propositions, en particulier notre premi\u00e8re contribution au d\u00e9bat public, sous la \u00a0 \u00a0forme d&rsquo;un\u00a0\u00ab<a href=\"http:\/\/toutesnosenergies.fr\/index.php\/un-cahier-dacteur-qui-resume-notre-objectif\/\" rel=\"attachment wp-att-1297\">Cahier d&rsquo;acteur PPE<\/a>\u00a0\u00bb.<br \/>\n&#8211; Le <a href=\"http:\/\/toutesnosenergies.fr\/wp-content\/uploads\/2018\/04\/Tract-Mazamet.pdf\">tract d&rsquo;appel<\/a> qui peut \u00eatre diffus\u00e9 largement !<br \/>\n&#8211; Des informations plus pr\u00e9cises sur le programme, le contenu des ateliers, les personnalit\u00e9s qualifi\u00e9es, etc.<\/p>\n<p>&nbsp;<\/p>\n<p>&nbsp;<\/p>\n","protected":false},"excerpt":{"rendered":"<p>\u00c9valuation de la port\u00e9e et des r\u00e9sultats de l\u2019\u00e9v\u00e8nement 120 personnes ont particip\u00e9 aux ateliers et 350 personnes environ ont assist\u00e9 \u00e0 la s\u00e9ance pl\u00e9ni\u00e8re : citoyens ordinaires &#8211; membres d\u2019associations locales ou r\u00e9gionales, agriculteurs, responsables d\u2019entreprise, retrait\u00e9s &#8211; mais \u00e9galement des \u00e9lus locaux, d\u00e9partementaux et r\u00e9gionaux.\u00a0 Voir le compte-rendu complet et officiel. Le travail &#8230; <a title=\"MAZAMET 30 MAI 2018\" class=\"read-more\" href=\"https:\/\/toutesnosenergies.fr\/index.php\/mazamet-81\/\" aria-label=\"Plus sur MAZAMET 30 MAI 2018\">Lire plus<\/a><\/p>\n","protected":false},"author":3,"featured_media":0,"parent":0,"menu_order":0,"comment_status":"closed","ping_status":"closed","template":"","meta":{"_cbd_carousel_blocks":"[]","sfsi_plus_gutenberg_text_before_share":"","sfsi_plus_gutenberg_show_text_before_share":"","sfsi_plus_gutenberg_icon_type":"","sfsi_plus_gutenberg_icon_alignemt":"","sfsi_plus_gutenburg_max_per_row":"","footnotes":""},"class_list":["post-1294","page","type-page","status-publish"],"yoast_head":"<!-- This site is optimized with the Yoast SEO plugin v27.5 - https:\/\/yoast.com\/product\/yoast-seo-wordpress\/ -->\n<title>MAZAMET 30 MAI 2018 - Toutes Nos \u00c9nergies \u2013 Occitanie Environnement<\/title>\n<meta name=\"robots\" content=\"index, follow, max-snippet:-1, max-image-preview:large, max-video-preview:-1\" \/>\n<link rel=\"canonical\" href=\"https:\/\/toutesnosenergies.fr\/index.php\/mazamet-81\/\" \/>\n<meta property=\"og:locale\" content=\"fr_FR\" \/>\n<meta property=\"og:type\" content=\"article\" \/>\n<meta property=\"og:title\" content=\"MAZAMET 30 MAI 2018 - Toutes Nos \u00c9nergies \u2013 Occitanie Environnement\" \/>\n<meta property=\"og:description\" content=\"\u00c9valuation de la port\u00e9e et des r\u00e9sultats de l\u2019\u00e9v\u00e8nement 120 personnes ont particip\u00e9 aux ateliers et 350 personnes environ ont assist\u00e9 \u00e0 la s\u00e9ance pl\u00e9ni\u00e8re : citoyens ordinaires &#8211; membres d\u2019associations locales ou r\u00e9gionales, agriculteurs, responsables d\u2019entreprise, retrait\u00e9s &#8211; mais \u00e9galement des \u00e9lus locaux, d\u00e9partementaux et r\u00e9gionaux.\u00a0 Voir le compte-rendu complet et officiel. Le travail ... Lire plus\" \/>\n<meta property=\"og:url\" content=\"https:\/\/toutesnosenergies.fr\/index.php\/mazamet-81\/\" \/>\n<meta property=\"og:site_name\" content=\"Toutes Nos \u00c9nergies \u2013 Occitanie Environnement\" \/>\n<meta property=\"article:publisher\" content=\"https:\/\/www.facebook.com\/TNEtoutesnosenergiesOccitanieEnvironnement\" \/>\n<meta property=\"article:modified_time\" content=\"2019-03-20T12:30:03+00:00\" \/>\n<meta property=\"og:image\" content=\"http:\/\/toutesnosenergies.fr\/wp-content\/uploads\/2019\/01\/Mazamet-30-mai-IMG_4733-300x224.jpg\" \/>\n<meta name=\"twitter:card\" content=\"summary_large_image\" \/>\n<meta name=\"twitter:label1\" content=\"Dur\u00e9e de lecture estim\u00e9e\" \/>\n\t<meta name=\"twitter:data1\" content=\"4 minutes\" \/>\n<script type=\"application\/ld+json\" class=\"yoast-schema-graph\">{\"@context\":\"https:\\\/\\\/schema.org\",\"@graph\":[{\"@type\":\"WebPage\",\"@id\":\"https:\\\/\\\/toutesnosenergies.fr\\\/index.php\\\/mazamet-81\\\/\",\"url\":\"https:\\\/\\\/toutesnosenergies.fr\\\/index.php\\\/mazamet-81\\\/\",\"name\":\"MAZAMET 30 MAI 2018 - Toutes Nos \u00c9nergies \u2013 Occitanie Environnement\",\"isPartOf\":{\"@id\":\"https:\\\/\\\/toutesnosenergies.fr\\\/#website\"},\"primaryImageOfPage\":{\"@id\":\"https:\\\/\\\/toutesnosenergies.fr\\\/index.php\\\/mazamet-81\\\/#primaryimage\"},\"image\":{\"@id\":\"https:\\\/\\\/toutesnosenergies.fr\\\/index.php\\\/mazamet-81\\\/#primaryimage\"},\"thumbnailUrl\":\"http:\\\/\\\/toutesnosenergies.fr\\\/wp-content\\\/uploads\\\/2019\\\/01\\\/Mazamet-30-mai-IMG_4733-300x224.jpg\",\"datePublished\":\"2018-04-19T17:13:56+00:00\",\"dateModified\":\"2019-03-20T12:30:03+00:00\",\"breadcrumb\":{\"@id\":\"https:\\\/\\\/toutesnosenergies.fr\\\/index.php\\\/mazamet-81\\\/#breadcrumb\"},\"inLanguage\":\"fr-FR\",\"potentialAction\":[{\"@type\":\"ReadAction\",\"target\":[\"https:\\\/\\\/toutesnosenergies.fr\\\/index.php\\\/mazamet-81\\\/\"]}]},{\"@type\":\"ImageObject\",\"inLanguage\":\"fr-FR\",\"@id\":\"https:\\\/\\\/toutesnosenergies.fr\\\/index.php\\\/mazamet-81\\\/#primaryimage\",\"url\":\"https:\\\/\\\/toutesnosenergies.fr\\\/wp-content\\\/uploads\\\/2019\\\/01\\\/Mazamet-30-mai-IMG_4733.jpg\",\"contentUrl\":\"https:\\\/\\\/toutesnosenergies.fr\\\/wp-content\\\/uploads\\\/2019\\\/01\\\/Mazamet-30-mai-IMG_4733.jpg\",\"width\":2592,\"height\":1936},{\"@type\":\"BreadcrumbList\",\"@id\":\"https:\\\/\\\/toutesnosenergies.fr\\\/index.php\\\/mazamet-81\\\/#breadcrumb\",\"itemListElement\":[{\"@type\":\"ListItem\",\"position\":1,\"name\":\"Accueil\",\"item\":\"https:\\\/\\\/toutesnosenergies.fr\\\/\"},{\"@type\":\"ListItem\",\"position\":2,\"name\":\"MAZAMET 30 MAI 2018\"}]},{\"@type\":\"WebSite\",\"@id\":\"https:\\\/\\\/toutesnosenergies.fr\\\/#website\",\"url\":\"https:\\\/\\\/toutesnosenergies.fr\\\/\",\"name\":\"Toutes Nos \u00c9nergies \u2013 Occitanie Environnement\",\"description\":\"Pour une \u00e9nergie respectueuse du vivant et des territoires ruraux en Occitanie\",\"publisher\":{\"@id\":\"https:\\\/\\\/toutesnosenergies.fr\\\/#organization\"},\"potentialAction\":[{\"@type\":\"SearchAction\",\"target\":{\"@type\":\"EntryPoint\",\"urlTemplate\":\"https:\\\/\\\/toutesnosenergies.fr\\\/?s={search_term_string}\"},\"query-input\":{\"@type\":\"PropertyValueSpecification\",\"valueRequired\":true,\"valueName\":\"search_term_string\"}}],\"inLanguage\":\"fr-FR\"},{\"@type\":\"Organization\",\"@id\":\"https:\\\/\\\/toutesnosenergies.fr\\\/#organization\",\"name\":\"Toutes Nos \u00c9nergies \u2013 Occitanie Environnement\",\"url\":\"https:\\\/\\\/toutesnosenergies.fr\\\/\",\"logo\":{\"@type\":\"ImageObject\",\"inLanguage\":\"fr-FR\",\"@id\":\"https:\\\/\\\/toutesnosenergies.fr\\\/#\\\/schema\\\/logo\\\/image\\\/\",\"url\":\"https:\\\/\\\/toutesnosenergies.fr\\\/wp-content\\\/uploads\\\/2023\\\/01\\\/Petit-logo.png\",\"contentUrl\":\"https:\\\/\\\/toutesnosenergies.fr\\\/wp-content\\\/uploads\\\/2023\\\/01\\\/Petit-logo.png\",\"width\":360,\"height\":102,\"caption\":\"Toutes Nos \u00c9nergies \u2013 Occitanie Environnement\"},\"image\":{\"@id\":\"https:\\\/\\\/toutesnosenergies.fr\\\/#\\\/schema\\\/logo\\\/image\\\/\"},\"sameAs\":[\"https:\\\/\\\/www.facebook.com\\\/TNEtoutesnosenergiesOccitanieEnvironnement\"]}]}<\/script>\n<!-- \/ Yoast SEO plugin. -->","yoast_head_json":{"title":"MAZAMET 30 MAI 2018 - Toutes Nos \u00c9nergies \u2013 Occitanie Environnement","robots":{"index":"index","follow":"follow","max-snippet":"max-snippet:-1","max-image-preview":"max-image-preview:large","max-video-preview":"max-video-preview:-1"},"canonical":"https:\/\/toutesnosenergies.fr\/index.php\/mazamet-81\/","og_locale":"fr_FR","og_type":"article","og_title":"MAZAMET 30 MAI 2018 - Toutes Nos \u00c9nergies \u2013 Occitanie Environnement","og_description":"\u00c9valuation de la port\u00e9e et des r\u00e9sultats de l\u2019\u00e9v\u00e8nement 120 personnes ont particip\u00e9 aux ateliers et 350 personnes environ ont assist\u00e9 \u00e0 la s\u00e9ance pl\u00e9ni\u00e8re : citoyens ordinaires &#8211; membres d\u2019associations locales ou r\u00e9gionales, agriculteurs, responsables d\u2019entreprise, retrait\u00e9s &#8211; mais \u00e9galement des \u00e9lus locaux, d\u00e9partementaux et r\u00e9gionaux.\u00a0 Voir le compte-rendu complet et officiel. Le travail ... Lire plus","og_url":"https:\/\/toutesnosenergies.fr\/index.php\/mazamet-81\/","og_site_name":"Toutes Nos \u00c9nergies \u2013 Occitanie Environnement","article_publisher":"https:\/\/www.facebook.com\/TNEtoutesnosenergiesOccitanieEnvironnement","article_modified_time":"2019-03-20T12:30:03+00:00","og_image":[{"url":"http:\/\/toutesnosenergies.fr\/wp-content\/uploads\/2019\/01\/Mazamet-30-mai-IMG_4733-300x224.jpg","type":"","width":"","height":""}],"twitter_card":"summary_large_image","twitter_misc":{"Dur\u00e9e de lecture estim\u00e9e":"4 minutes"},"schema":{"@context":"https:\/\/schema.org","@graph":[{"@type":"WebPage","@id":"https:\/\/toutesnosenergies.fr\/index.php\/mazamet-81\/","url":"https:\/\/toutesnosenergies.fr\/index.php\/mazamet-81\/","name":"MAZAMET 30 MAI 2018 - Toutes Nos \u00c9nergies \u2013 Occitanie Environnement","isPartOf":{"@id":"https:\/\/toutesnosenergies.fr\/#website"},"primaryImageOfPage":{"@id":"https:\/\/toutesnosenergies.fr\/index.php\/mazamet-81\/#primaryimage"},"image":{"@id":"https:\/\/toutesnosenergies.fr\/index.php\/mazamet-81\/#primaryimage"},"thumbnailUrl":"http:\/\/toutesnosenergies.fr\/wp-content\/uploads\/2019\/01\/Mazamet-30-mai-IMG_4733-300x224.jpg","datePublished":"2018-04-19T17:13:56+00:00","dateModified":"2019-03-20T12:30:03+00:00","breadcrumb":{"@id":"https:\/\/toutesnosenergies.fr\/index.php\/mazamet-81\/#breadcrumb"},"inLanguage":"fr-FR","potentialAction":[{"@type":"ReadAction","target":["https:\/\/toutesnosenergies.fr\/index.php\/mazamet-81\/"]}]},{"@type":"ImageObject","inLanguage":"fr-FR","@id":"https:\/\/toutesnosenergies.fr\/index.php\/mazamet-81\/#primaryimage","url":"https:\/\/toutesnosenergies.fr\/wp-content\/uploads\/2019\/01\/Mazamet-30-mai-IMG_4733.jpg","contentUrl":"https:\/\/toutesnosenergies.fr\/wp-content\/uploads\/2019\/01\/Mazamet-30-mai-IMG_4733.jpg","width":2592,"height":1936},{"@type":"BreadcrumbList","@id":"https:\/\/toutesnosenergies.fr\/index.php\/mazamet-81\/#breadcrumb","itemListElement":[{"@type":"ListItem","position":1,"name":"Accueil","item":"https:\/\/toutesnosenergies.fr\/"},{"@type":"ListItem","position":2,"name":"MAZAMET 30 MAI 2018"}]},{"@type":"WebSite","@id":"https:\/\/toutesnosenergies.fr\/#website","url":"https:\/\/toutesnosenergies.fr\/","name":"Toutes Nos \u00c9nergies \u2013 Occitanie Environnement","description":"Pour une \u00e9nergie respectueuse du vivant et des territoires ruraux en Occitanie","publisher":{"@id":"https:\/\/toutesnosenergies.fr\/#organization"},"potentialAction":[{"@type":"SearchAction","target":{"@type":"EntryPoint","urlTemplate":"https:\/\/toutesnosenergies.fr\/?s={search_term_string}"},"query-input":{"@type":"PropertyValueSpecification","valueRequired":true,"valueName":"search_term_string"}}],"inLanguage":"fr-FR"},{"@type":"Organization","@id":"https:\/\/toutesnosenergies.fr\/#organization","name":"Toutes Nos \u00c9nergies \u2013 Occitanie Environnement","url":"https:\/\/toutesnosenergies.fr\/","logo":{"@type":"ImageObject","inLanguage":"fr-FR","@id":"https:\/\/toutesnosenergies.fr\/#\/schema\/logo\/image\/","url":"https:\/\/toutesnosenergies.fr\/wp-content\/uploads\/2023\/01\/Petit-logo.png","contentUrl":"https:\/\/toutesnosenergies.fr\/wp-content\/uploads\/2023\/01\/Petit-logo.png","width":360,"height":102,"caption":"Toutes Nos \u00c9nergies \u2013 Occitanie Environnement"},"image":{"@id":"https:\/\/toutesnosenergies.fr\/#\/schema\/logo\/image\/"},"sameAs":["https:\/\/www.facebook.com\/TNEtoutesnosenergiesOccitanieEnvironnement"]}]}},"_links":{"self":[{"href":"https:\/\/toutesnosenergies.fr\/index.php\/wp-json\/wp\/v2\/pages\/1294","targetHints":{"allow":["GET"]}}],"collection":[{"href":"https:\/\/toutesnosenergies.fr\/index.php\/wp-json\/wp\/v2\/pages"}],"about":[{"href":"https:\/\/toutesnosenergies.fr\/index.php\/wp-json\/wp\/v2\/types\/page"}],"author":[{"embeddable":true,"href":"https:\/\/toutesnosenergies.fr\/index.php\/wp-json\/wp\/v2\/users\/3"}],"replies":[{"embeddable":true,"href":"https:\/\/toutesnosenergies.fr\/index.php\/wp-json\/wp\/v2\/comments?post=1294"}],"version-history":[{"count":23,"href":"https:\/\/toutesnosenergies.fr\/index.php\/wp-json\/wp\/v2\/pages\/1294\/revisions"}],"predecessor-version":[{"id":2313,"href":"https:\/\/toutesnosenergies.fr\/index.php\/wp-json\/wp\/v2\/pages\/1294\/revisions\/2313"}],"wp:attachment":[{"href":"https:\/\/toutesnosenergies.fr\/index.php\/wp-json\/wp\/v2\/media?parent=1294"}],"curies":[{"name":"wp","href":"https:\/\/api.w.org\/{rel}","templated":true}]}}